{"id":1500,"date":"2016-01-24T08:58:50","date_gmt":"2016-01-24T08:58:50","guid":{"rendered":"https:\/\/www.amiuris.es\/fr\/?page_id=1500"},"modified":"2016-01-24T08:58:50","modified_gmt":"2016-01-24T08:58:50","slug":"ana-mendoza","status":"publish","type":"page","link":"https:\/\/amiuris.es\/fr\/ana-mendoza\/","title":{"rendered":"Ana Mendoza"},"content":{"rendered":"<div class=\"wpb-content-wrapper\">[vc_row][vc_column width=&#8221;1\/2&#8243;]\n\t<div class=\"custom-heading wpb_content_element \">\n\t\t<h2 class=\"heading-title\" >MA\u00ceTRE ANA MENDOZA, AVOCATE<\/h2>\n\t\t<span class=\"heading-line primary\"><\/span>\n\t<\/div>[vc_single_image image=&#8221;955&#8243; img_size=&#8221;medium-thumb&#8221;][vc_column_text][ezcol_1half id=&#8221;&#8221; class=&#8221;&#8221; style=&#8221;&#8221;][\/ezcol_1half] [ezcol_1half_end id=&#8221;&#8221; class=&#8221;&#8221; style=&#8221;&#8221;]<span style=\"padding-left: 12px;\"> <a class=\"btn btn-secondary\" href=\"#\"><i class=\"fa fa-download\"><\/i> T\u00c9L\u00c9CHARGER CV<\/a><\/span>[\/ezcol_1half_end][\/vc_column_text][vc_separator color=&#8221;white&#8221;][\/vc_column][vc_column width=&#8221;1\/2&#8243;]\n\t<div class=\"custom-heading wpb_content_element \">\n\t\t<h2 class=\"heading-title\" >Biographie et CV<\/h2>\n\t\t<span class=\"heading-line primary\"><\/span>\n\t<\/div>[vc_column_text]Ana Mendoza, n\u00e9e \u00e0 Bruges, en Flandre-Occidentale (Belgique) en 1975, de p\u00e8re espagnol et de m\u00e8re belge. Elle a fait ses \u00e9tudes primaires et secondaires au coll\u00e8ge Saint-Andr\u00e9 \u00e0 Bruges. En 1991, elle d\u00e9cide de changer de r\u00e9sidence et de s\u2019installer en Espagne, et plus exactement dans la province de M\u00e1laga.<\/p>\n<p>Une fois install\u00e9e \u00e0 M\u00e1laga, elle entreprend une licence de Droit \u00e0 l\u2019Universit\u00e9 de M\u00e1laga, et obtient sa licence en 2000. Deux ans plus tard, Ana Mendoza est nomm\u00e9e au Barreau de M\u00e1laga (2002).[\/vc_column_text][vc_column_text]\n<h3>Cours et exp\u00e9rience en tant qu\u2019avocate<\/h3>\n<p>En 2002 et en 2003 elle s\u2019inscrit au cours de pratique juridique organis\u00e9 par le Barreau de M\u00e1laga.<\/p>\n<p>C\u2019est alors qu\u2019Ana Mendoza devient avocate en exercice et qu\u2019elle commence \u00e0 acqu\u00e9rir une exp\u00e9rience professionnelle depuis 2002 jusqu\u2019\u00e0 ce jour, dans diff\u00e9rents cabinets d\u2019avocats internationaux situ\u00e9s sur la Costa del Sol.<\/p>\n<h3>Sp\u00e9cialisation<\/h3>\n<p>Ana Mendoza est sp\u00e9cialis\u00e9e dans le Droit civil et dans le droit des contrats immobiliers.<\/p>\n<h3>Langues<\/h3>\n<p>Ana Mendoza ma\u00eetrise l\u2019espagnol, le n\u00e9erlandais, le fran\u00e7ais et l\u2019anglais.<br \/>\n[\/vc_column_text][\/vc_column][\/vc_row]\n<\/div>","protected":false},"excerpt":{"rendered":"<p>Attorney David Boies has a track record of recovery in civil matters. He is a protector of individual rights.<\/p>\n","protected":false},"author":9192192,"featured_media":955,"parent":0,"menu_order":0,"comment_status":"open","ping_status":"closed","template":"","meta":{"footnotes":""},"class_list":["post-1500","page","type-page","status-publish","has-post-thumbnail","hentry"],"_links":{"self":[{"href":"https:\/\/amiuris.es\/fr\/wp-json\/wp\/v2\/pages\/1500","targetHints":{"allow":["GET"]}}],"collection":[{"href":"https:\/\/amiuris.es\/fr\/wp-json\/wp\/v2\/pages"}],"about":[{"href":"https:\/\/amiuris.es\/fr\/wp-json\/wp\/v2\/types\/page"}],"author":[{"embeddable":true,"href":"https:\/\/amiuris.es\/fr\/wp-json\/wp\/v2\/users\/9192192"}],"replies":[{"embeddable":true,"href":"https:\/\/amiuris.es\/fr\/wp-json\/wp\/v2\/comments?post=1500"}],"version-history":[{"count":2,"href":"https:\/\/amiuris.es\/fr\/wp-json\/wp\/v2\/pages\/1500\/revisions"}],"predecessor-version":[{"id":1511,"href":"https:\/\/amiuris.es\/fr\/wp-json\/wp\/v2\/pages\/1500\/revisions\/1511"}],"wp:featuredmedia":[{"embeddable":true,"href":"https:\/\/amiuris.es\/fr\/wp-json\/wp\/v2\/media\/955"}],"wp:attachment":[{"href":"https:\/\/amiuris.es\/fr\/wp-json\/wp\/v2\/media?parent=1500"}],"curies":[{"name":"wp","href":"https:\/\/api.w.org\/{rel}","templated":true}]}}